{"id":39,"date":"2016-03-21T09:09:43","date_gmt":"2016-03-21T09:09:43","guid":{"rendered":"http:\/\/schuetzenverein-kaltenweide.de\/?page_id=39"},"modified":"2026-03-19T19:21:46","modified_gmt":"2026-03-19T18:21:46","slug":"vorstand","status":"publish","type":"page","link":"https:\/\/www.schuetzenverein-kaltenweide.de\/?page_id=39","title":{"rendered":"Vorstand"},"content":{"rendered":"\n<p class=\"has-medium-font-size\"><strong>Gesch\u00e4ftsf\u00fchrender Vorstand<\/strong><\/p>\n\n\n\n<div class=\"wp-block-columns alignfull has-text-color has-background is-layout-flex wp-container-core-columns-is-layout-9d6595d7 wp-block-columns-is-layout-flex\" style=\"color:#000000;background-color:#ffffff\">\n<div class=\"wp-block-column is-layout-flow wp-block-column-is-layout-flow\"><div class=\"wp-block-image is-style-rounded\">\n<figure class=\"aligncenter size-full is-resized\"><img data-recalc-dims=\"1\" fetchpriority=\"high\" decoding=\"async\" width=\"200\" height=\"300\" src=\"https:\/\/i0.wp.com\/schuetzenverein-kaltenweide.de\/wp-content\/uploads\/2022\/10\/image-3.png?resize=200%2C300&#038;ssl=1\" alt=\"\" class=\"wp-image-5008\" style=\"width:150px;height:225px\"\/><\/figure>\n<\/div>\n\n\n<h6 class=\"wp-block-heading has-text-align-center\">1. Vorsitzender<\/h6>\n\n\n\n<h6 class=\"wp-block-heading has-text-align-center\">Axel Siebert<\/h6>\n\n\n\n<h6 class=\"wp-block-heading has-text-align-center\"><a href=\"mailto:1.vorsitzender@schuetzenverein-kaltenweide.de\">Kontakt<\/a><\/h6>\n<\/div>\n\n\n\n<div class=\"wp-block-column is-vertically-aligned-center is-layout-flow wp-block-column-is-layout-flow\"><div class=\"wp-block-image is-style-rounded\">\n<figure class=\"aligncenter size-full is-resized\"><img data-recalc-dims=\"1\" decoding=\"async\" width=\"199\" height=\"300\" src=\"https:\/\/i0.wp.com\/schuetzenverein-kaltenweide.de\/wp-content\/uploads\/2022\/10\/image-4.png?resize=199%2C300&#038;ssl=1\" alt=\"\" class=\"wp-image-5009\" style=\"width:149px;height:225px\"\/><\/figure>\n<\/div>\n\n\n<h6 class=\"wp-block-heading has-text-align-center\">2. Vorsitzender <\/h6>\n\n\n\n<h6 class=\"wp-block-heading has-text-align-center\">J\u00f6rg Engel<\/h6>\n\n\n\n<h6 class=\"wp-block-heading has-text-align-center\"><a href=\"mailto:2.Vorsitzender@schuetzenverein-kaltenweide.de\">Kontakt<\/a><\/h6>\n<\/div>\n<\/div>\n\n\n\n<div class=\"wp-block-columns alignfull has-text-color has-background is-layout-flex wp-container-core-columns-is-layout-9d6595d7 wp-block-columns-is-layout-flex\" style=\"color:#000000;background-color:#ffffff\">\n<div class=\"wp-block-column is-layout-flow wp-block-column-is-layout-flow\"><div class=\"wp-block-image is-style-rounded\">\n<figure class=\"aligncenter size-full is-resized\"><img data-recalc-dims=\"1\" decoding=\"async\" width=\"130\" height=\"195\" src=\"https:\/\/i0.wp.com\/www.schuetzenverein-kaltenweide.de\/wp-content\/uploads\/2016\/03\/MG_0178k-e1506619587204.jpg?resize=130%2C195&#038;ssl=1\" alt=\"\" class=\"wp-image-715\" style=\"width:149px;height:225px\"\/><\/figure>\n<\/div>\n\n\n<h6 class=\"wp-block-heading has-text-align-center\">Schrift\u00fchrerin<\/h6>\n\n\n\n<h6 class=\"wp-block-heading has-text-align-center\">Natascha Engel<\/h6>\n\n\n\n<h6 class=\"wp-block-heading has-text-align-center\"><a href=\"mailto:Schriftfuehrerin@schuetzenverein-kaltenweide.de\">Kontakt<\/a><\/h6>\n<\/div>\n\n\n\n<div class=\"wp-block-column is-layout-flow wp-block-column-is-layout-flow\"><div class=\"wp-block-image is-style-rounded\">\n<figure class=\"aligncenter size-large is-resized\"><img data-recalc-dims=\"1\" loading=\"lazy\" decoding=\"async\" width=\"625\" height=\"816\" src=\"https:\/\/i0.wp.com\/www.schuetzenverein-kaltenweide.de\/wp-content\/uploads\/2026\/03\/IMG_9613-784x1024.jpeg?resize=625%2C816&#038;ssl=1\" alt=\"\" class=\"wp-image-7371\" style=\"width:149px;height:225px\" srcset=\"https:\/\/i0.wp.com\/schuetzenverein-kaltenweide.de\/wp-content\/uploads\/2026\/03\/IMG_9613.jpeg?resize=784%2C1024&amp;ssl=1 784w, https:\/\/i0.wp.com\/schuetzenverein-kaltenweide.de\/wp-content\/uploads\/2026\/03\/IMG_9613.jpeg?resize=230%2C300&amp;ssl=1 230w, https:\/\/i0.wp.com\/schuetzenverein-kaltenweide.de\/wp-content\/uploads\/2026\/03\/IMG_9613.jpeg?resize=768%2C1003&amp;ssl=1 768w, https:\/\/i0.wp.com\/schuetzenverein-kaltenweide.de\/wp-content\/uploads\/2026\/03\/IMG_9613.jpeg?resize=1176%2C1536&amp;ssl=1 1176w, https:\/\/i0.wp.com\/schuetzenverein-kaltenweide.de\/wp-content\/uploads\/2026\/03\/IMG_9613.jpeg?resize=960%2C1254&amp;ssl=1 960w, https:\/\/i0.wp.com\/schuetzenverein-kaltenweide.de\/wp-content\/uploads\/2026\/03\/IMG_9613.jpeg?resize=600%2C784&amp;ssl=1 600w, https:\/\/i0.wp.com\/schuetzenverein-kaltenweide.de\/wp-content\/uploads\/2026\/03\/IMG_9613.jpeg?w=1206&amp;ssl=1 1206w\" sizes=\"(max-width: 625px) 100vw, 625px\" \/><\/figure>\n<\/div>\n\n\n<h6 class=\"wp-block-heading has-text-align-center\">Schatzmeisterin<\/h6>\n\n\n\n<h6 class=\"wp-block-heading has-text-align-center\">Santje Baumgarte<\/h6>\n\n\n\n<h6 class=\"wp-block-heading has-text-align-center\"><a href=\"mailto:schatzmeisterin@schuetzenverein-kaltenweide.de\">Kontakt<\/a><\/h6>\n<\/div>\n<\/div>\n\n\n\n<p class=\"has-medium-font-size\"><strong>Erweiterter Vorstand<\/strong><\/p>\n\n\n\n<div class=\"wp-block-columns alignfull has-text-color has-background is-layout-flex wp-container-core-columns-is-layout-9d6595d7 wp-block-columns-is-layout-flex\" style=\"color:#000000;background-color:#ffffff\">\n<div class=\"wp-block-column is-layout-flow wp-block-column-is-layout-flow\"><div class=\"wp-block-image is-style-rounded\">\n<figure class=\"aligncenter size-large is-resized\"><img data-recalc-dims=\"1\" loading=\"lazy\" decoding=\"async\" width=\"625\" height=\"828\" src=\"https:\/\/i0.wp.com\/schuetzenverein-kaltenweide.de\/wp-content\/uploads\/2023\/05\/NIU1336_Uwe.jpg?resize=625%2C828&#038;ssl=1\" alt=\"\" class=\"wp-image-5606\" style=\"width:149px;height:225px\" srcset=\"https:\/\/i0.wp.com\/schuetzenverein-kaltenweide.de\/wp-content\/uploads\/2023\/05\/NIU1336_Uwe-scaled.jpg?resize=773%2C1024&amp;ssl=1 773w, https:\/\/i0.wp.com\/schuetzenverein-kaltenweide.de\/wp-content\/uploads\/2023\/05\/NIU1336_Uwe-scaled.jpg?resize=227%2C300&amp;ssl=1 227w, https:\/\/i0.wp.com\/schuetzenverein-kaltenweide.de\/wp-content\/uploads\/2023\/05\/NIU1336_Uwe-scaled.jpg?resize=768%2C1017&amp;ssl=1 768w, https:\/\/i0.wp.com\/schuetzenverein-kaltenweide.de\/wp-content\/uploads\/2023\/05\/NIU1336_Uwe-scaled.jpg?resize=1160%2C1536&amp;ssl=1 1160w, https:\/\/i0.wp.com\/schuetzenverein-kaltenweide.de\/wp-content\/uploads\/2023\/05\/NIU1336_Uwe-scaled.jpg?resize=1547%2C2048&amp;ssl=1 1547w, https:\/\/i0.wp.com\/schuetzenverein-kaltenweide.de\/wp-content\/uploads\/2023\/05\/NIU1336_Uwe-scaled.jpg?resize=960%2C1271&amp;ssl=1 960w, https:\/\/i0.wp.com\/schuetzenverein-kaltenweide.de\/wp-content\/uploads\/2023\/05\/NIU1336_Uwe-scaled.jpg?resize=1320%2C1748&amp;ssl=1 1320w, https:\/\/i0.wp.com\/schuetzenverein-kaltenweide.de\/wp-content\/uploads\/2023\/05\/NIU1336_Uwe-scaled.jpg?resize=600%2C794&amp;ssl=1 600w, https:\/\/i0.wp.com\/schuetzenverein-kaltenweide.de\/wp-content\/uploads\/2023\/05\/NIU1336_Uwe-scaled.jpg?w=1934&amp;ssl=1 1934w, https:\/\/i0.wp.com\/schuetzenverein-kaltenweide.de\/wp-content\/uploads\/2023\/05\/NIU1336_Uwe-scaled.jpg?w=1250&amp;ssl=1 1250w, https:\/\/i0.wp.com\/schuetzenverein-kaltenweide.de\/wp-content\/uploads\/2023\/05\/NIU1336_Uwe-scaled.jpg?w=1875&amp;ssl=1 1875w\" sizes=\"(max-width: 625px) 100vw, 625px\" \/><\/figure>\n<\/div>\n\n\n<h6 class=\"wp-block-heading has-text-align-center\">Schie\u00dfsportleiter<\/h6>\n\n\n\n<h6 class=\"wp-block-heading has-text-align-center\">Uwe Burgm\u00fcller<\/h6>\n\n\n\n<h6 class=\"wp-block-heading has-text-align-center\"><a href=\"mailto:Schiesssportleiter@schuetzenverein-kaltenweide.de\">Kontakt<\/a><\/h6>\n<\/div>\n\n\n\n<div class=\"wp-block-column is-layout-flow wp-block-column-is-layout-flow\"><div class=\"wp-block-image is-style-rounded\">\n<figure class=\"aligncenter size-large is-resized\"><img data-recalc-dims=\"1\" loading=\"lazy\" decoding=\"async\" width=\"625\" height=\"837\" src=\"https:\/\/i0.wp.com\/schuetzenverein-kaltenweide.de\/wp-content\/uploads\/2023\/05\/NIU1326carmen.jpg?resize=625%2C837&#038;ssl=1\" alt=\"\" class=\"wp-image-5620\" style=\"width:149px;height:225px\" srcset=\"https:\/\/i0.wp.com\/schuetzenverein-kaltenweide.de\/wp-content\/uploads\/2023\/05\/NIU1326carmen-scaled.jpg?resize=765%2C1024&amp;ssl=1 765w, https:\/\/i0.wp.com\/schuetzenverein-kaltenweide.de\/wp-content\/uploads\/2023\/05\/NIU1326carmen-scaled.jpg?resize=224%2C300&amp;ssl=1 224w, https:\/\/i0.wp.com\/schuetzenverein-kaltenweide.de\/wp-content\/uploads\/2023\/05\/NIU1326carmen-scaled.jpg?resize=768%2C1028&amp;ssl=1 768w, https:\/\/i0.wp.com\/schuetzenverein-kaltenweide.de\/wp-content\/uploads\/2023\/05\/NIU1326carmen-scaled.jpg?resize=1147%2C1536&amp;ssl=1 1147w, https:\/\/i0.wp.com\/schuetzenverein-kaltenweide.de\/wp-content\/uploads\/2023\/05\/NIU1326carmen-scaled.jpg?resize=1529%2C2048&amp;ssl=1 1529w, https:\/\/i0.wp.com\/schuetzenverein-kaltenweide.de\/wp-content\/uploads\/2023\/05\/NIU1326carmen-scaled.jpg?resize=960%2C1286&amp;ssl=1 960w, https:\/\/i0.wp.com\/schuetzenverein-kaltenweide.de\/wp-content\/uploads\/2023\/05\/NIU1326carmen-scaled.jpg?resize=1320%2C1768&amp;ssl=1 1320w, https:\/\/i0.wp.com\/schuetzenverein-kaltenweide.de\/wp-content\/uploads\/2023\/05\/NIU1326carmen-scaled.jpg?resize=600%2C803&amp;ssl=1 600w, https:\/\/i0.wp.com\/schuetzenverein-kaltenweide.de\/wp-content\/uploads\/2023\/05\/NIU1326carmen-scaled.jpg?w=1912&amp;ssl=1 1912w, https:\/\/i0.wp.com\/schuetzenverein-kaltenweide.de\/wp-content\/uploads\/2023\/05\/NIU1326carmen-scaled.jpg?w=1250&amp;ssl=1 1250w\" sizes=\"(max-width: 625px) 100vw, 625px\" \/><\/figure>\n<\/div>\n\n\n<h6 class=\"wp-block-heading has-text-align-center\">Stv. Schie\u00dfsportleiterin<\/h6>\n\n\n\n<h6 class=\"wp-block-heading has-text-align-center\">Carmen Shaha<\/h6>\n\n\n\n<h6 class=\"wp-block-heading has-text-align-center\"><a href=\"mailto:Schiesssportleiter2@schuetzenverein-kaltenweide.de\">Kontakt<\/a><\/h6>\n<\/div>\n<\/div>\n\n\n\n<div class=\"wp-block-columns alignfull has-text-color has-background is-layout-flex wp-container-core-columns-is-layout-9d6595d7 wp-block-columns-is-layout-flex\" style=\"color:#000000;background-color:#ffffff\">\n<div class=\"wp-block-column is-layout-flow wp-block-column-is-layout-flow\"><div class=\"wp-block-image is-style-rounded\">\n<figure class=\"aligncenter size-full is-resized\"><img data-recalc-dims=\"1\" loading=\"lazy\" decoding=\"async\" width=\"200\" height=\"300\" src=\"https:\/\/i0.wp.com\/schuetzenverein-kaltenweide.de\/wp-content\/uploads\/2022\/10\/image-5.png?resize=200%2C300&#038;ssl=1\" alt=\"\" class=\"wp-image-5022\" style=\"width:150px;height:225px\"\/><\/figure>\n<\/div>\n\n\n<h6 class=\"wp-block-heading has-text-align-center\">Jugendleiter<\/h6>\n\n\n\n<h6 class=\"wp-block-heading has-text-align-center\">Fabian Klatt<\/h6>\n\n\n\n<h6 class=\"wp-block-heading has-text-align-center\"><a href=\"mailto:Jugendleiter@schuetzenverein-kaltenweide.de\">Kontakt<\/a><\/h6>\n<\/div>\n\n\n\n<div class=\"wp-block-column is-layout-flow wp-block-column-is-layout-flow\"><div class=\"wp-block-image is-style-rounded\">\n<figure class=\"aligncenter size-full is-resized\"><img data-recalc-dims=\"1\" loading=\"lazy\" decoding=\"async\" width=\"360\" height=\"540\" src=\"https:\/\/i0.wp.com\/schuetzenverein-kaltenweide.de\/wp-content\/uploads\/2022\/10\/image-6.png?resize=360%2C540&#038;ssl=1\" alt=\"\" class=\"wp-image-5023\" style=\"width:150px;height:225px\" srcset=\"https:\/\/i0.wp.com\/schuetzenverein-kaltenweide.de\/wp-content\/uploads\/2022\/10\/image-6.png?w=360&amp;ssl=1 360w, https:\/\/i0.wp.com\/schuetzenverein-kaltenweide.de\/wp-content\/uploads\/2022\/10\/image-6.png?resize=200%2C300&amp;ssl=1 200w\" sizes=\"(max-width: 360px) 100vw, 360px\" \/><\/figure>\n<\/div>\n\n\n<h6 class=\"wp-block-heading has-text-align-center\">Stv. Jugendleiter<\/h6>\n\n\n\n<h6 class=\"wp-block-heading has-text-align-center\">Bodo Deppe<\/h6>\n\n\n\n<h6 class=\"wp-block-heading has-text-align-center\"><a href=\"mailto:Jugendleiter@schuetzenverein-kaltenweide.de\">Kontakt<\/a><\/h6>\n<\/div>\n\n\n\n<div class=\"wp-block-column is-layout-flow wp-block-column-is-layout-flow\"><div class=\"wp-block-image is-style-rounded\">\n<figure class=\"aligncenter size-large is-resized\"><img data-recalc-dims=\"1\" loading=\"lazy\" decoding=\"async\" width=\"625\" height=\"898\" src=\"https:\/\/i0.wp.com\/schuetzenverein-kaltenweide.de\/wp-content\/uploads\/2022\/10\/DSCN4340-02.jpg?resize=625%2C898&#038;ssl=1\" alt=\"\" class=\"wp-image-5025\" style=\"width:150px;height:225px\" srcset=\"https:\/\/i0.wp.com\/schuetzenverein-kaltenweide.de\/wp-content\/uploads\/2022\/10\/DSCN4340-02.jpg?resize=713%2C1024&amp;ssl=1 713w, https:\/\/i0.wp.com\/schuetzenverein-kaltenweide.de\/wp-content\/uploads\/2022\/10\/DSCN4340-02.jpg?resize=209%2C300&amp;ssl=1 209w, https:\/\/i0.wp.com\/schuetzenverein-kaltenweide.de\/wp-content\/uploads\/2022\/10\/DSCN4340-02.jpg?resize=768%2C1103&amp;ssl=1 768w, https:\/\/i0.wp.com\/schuetzenverein-kaltenweide.de\/wp-content\/uploads\/2022\/10\/DSCN4340-02.jpg?resize=1069%2C1536&amp;ssl=1 1069w, https:\/\/i0.wp.com\/schuetzenverein-kaltenweide.de\/wp-content\/uploads\/2022\/10\/DSCN4340-02.jpg?resize=960%2C1379&amp;ssl=1 960w, https:\/\/i0.wp.com\/schuetzenverein-kaltenweide.de\/wp-content\/uploads\/2022\/10\/DSCN4340-02.jpg?resize=600%2C862&amp;ssl=1 600w, https:\/\/i0.wp.com\/schuetzenverein-kaltenweide.de\/wp-content\/uploads\/2022\/10\/DSCN4340-02.jpg?w=1318&amp;ssl=1 1318w, https:\/\/i0.wp.com\/schuetzenverein-kaltenweide.de\/wp-content\/uploads\/2022\/10\/DSCN4340-02.jpg?w=1250&amp;ssl=1 1250w\" sizes=\"(max-width: 625px) 100vw, 625px\" \/><\/figure>\n<\/div>\n\n\n<h6 class=\"wp-block-heading has-text-align-center\">Stv. Jugendleiter<\/h6>\n\n\n\n<h6 class=\"wp-block-heading has-text-align-center\">Tobias Lehnhardt<\/h6>\n\n\n\n<h6 class=\"wp-block-heading has-text-align-center\"><a href=\"mailto:Jugendleiter@schuetzenverein-kaltenweide.de\">Kontakt<\/a><\/h6>\n<\/div>\n<\/div>\n\n\n\n<div class=\"wp-block-columns alignfull has-text-color has-background is-layout-flex wp-container-core-columns-is-layout-9d6595d7 wp-block-columns-is-layout-flex\" style=\"color:#000000;background-color:#ffffff\">\n<div class=\"wp-block-column is-layout-flow wp-block-column-is-layout-flow\"><div class=\"wp-block-image is-style-rounded\">\n<figure class=\"aligncenter size-large is-resized\"><img data-recalc-dims=\"1\" loading=\"lazy\" decoding=\"async\" width=\"625\" height=\"833\" src=\"https:\/\/i0.wp.com\/www.schuetzenverein-kaltenweide.de\/wp-content\/uploads\/2026\/03\/IMG_2558-768x1024.jpeg?resize=625%2C833&#038;ssl=1\" alt=\"\" class=\"wp-image-7374\" style=\"width:149px;height:225px\" srcset=\"https:\/\/i0.wp.com\/schuetzenverein-kaltenweide.de\/wp-content\/uploads\/2026\/03\/IMG_2558-scaled.jpeg?resize=768%2C1024&amp;ssl=1 768w, https:\/\/i0.wp.com\/schuetzenverein-kaltenweide.de\/wp-content\/uploads\/2026\/03\/IMG_2558-scaled.jpeg?resize=225%2C300&amp;ssl=1 225w, https:\/\/i0.wp.com\/schuetzenverein-kaltenweide.de\/wp-content\/uploads\/2026\/03\/IMG_2558-scaled.jpeg?resize=1152%2C1536&amp;ssl=1 1152w, https:\/\/i0.wp.com\/schuetzenverein-kaltenweide.de\/wp-content\/uploads\/2026\/03\/IMG_2558-scaled.jpeg?resize=1536%2C2048&amp;ssl=1 1536w, https:\/\/i0.wp.com\/schuetzenverein-kaltenweide.de\/wp-content\/uploads\/2026\/03\/IMG_2558-scaled.jpeg?resize=960%2C1280&amp;ssl=1 960w, https:\/\/i0.wp.com\/schuetzenverein-kaltenweide.de\/wp-content\/uploads\/2026\/03\/IMG_2558-scaled.jpeg?resize=600%2C800&amp;ssl=1 600w, https:\/\/i0.wp.com\/schuetzenverein-kaltenweide.de\/wp-content\/uploads\/2026\/03\/IMG_2558-scaled.jpeg?w=1920&amp;ssl=1 1920w, https:\/\/i0.wp.com\/schuetzenverein-kaltenweide.de\/wp-content\/uploads\/2026\/03\/IMG_2558-scaled.jpeg?w=1250&amp;ssl=1 1250w\" sizes=\"(max-width: 625px) 100vw, 625px\" \/><\/figure>\n<\/div>\n\n\n<h6 class=\"wp-block-heading has-text-align-center\">Fachwart Pistole LP<\/h6>\n\n\n\n<h6 class=\"wp-block-heading has-text-align-center\">Luis Shaha<\/h6>\n\n\n\n<h6 class=\"wp-block-heading has-text-align-center\"><a href=\"mailto:Fachwart.Pistole@schuetzenverein-kaltenweide.de\">Kontakt<\/a><\/h6>\n<\/div>\n\n\n\n<div class=\"wp-block-column is-layout-flow wp-block-column-is-layout-flow\"><div class=\"wp-block-image is-style-rounded\">\n<figure class=\"aligncenter size-large is-resized\"><img data-recalc-dims=\"1\" loading=\"lazy\" decoding=\"async\" width=\"625\" height=\"933\" src=\"https:\/\/i0.wp.com\/www.schuetzenverein-kaltenweide.de\/wp-content\/uploads\/2022\/10\/DSCN4341-12-686x1024.jpg?resize=625%2C933&#038;ssl=1\" alt=\"\" class=\"wp-image-5026\" style=\"width:149px;height:225px\" srcset=\"https:\/\/i0.wp.com\/schuetzenverein-kaltenweide.de\/wp-content\/uploads\/2022\/10\/DSCN4341-12.jpg?resize=686%2C1024&amp;ssl=1 686w, https:\/\/i0.wp.com\/schuetzenverein-kaltenweide.de\/wp-content\/uploads\/2022\/10\/DSCN4341-12.jpg?resize=201%2C300&amp;ssl=1 201w, https:\/\/i0.wp.com\/schuetzenverein-kaltenweide.de\/wp-content\/uploads\/2022\/10\/DSCN4341-12.jpg?resize=768%2C1146&amp;ssl=1 768w, https:\/\/i0.wp.com\/schuetzenverein-kaltenweide.de\/wp-content\/uploads\/2022\/10\/DSCN4341-12.jpg?resize=1029%2C1536&amp;ssl=1 1029w, https:\/\/i0.wp.com\/schuetzenverein-kaltenweide.de\/wp-content\/uploads\/2022\/10\/DSCN4341-12.jpg?resize=960%2C1433&amp;ssl=1 960w, https:\/\/i0.wp.com\/schuetzenverein-kaltenweide.de\/wp-content\/uploads\/2022\/10\/DSCN4341-12.jpg?resize=600%2C895&amp;ssl=1 600w, https:\/\/i0.wp.com\/schuetzenverein-kaltenweide.de\/wp-content\/uploads\/2022\/10\/DSCN4341-12.jpg?w=1282&amp;ssl=1 1282w\" sizes=\"(max-width: 625px) 100vw, 625px\" \/><\/figure>\n<\/div>\n\n\n<h6 class=\"wp-block-heading has-text-align-center\">stv. Fachwart Pistole LP<\/h6>\n\n\n\n<h6 class=\"wp-block-heading has-text-align-center\">Gerd-Peter Neumann<\/h6>\n\n\n\n<h6 class=\"wp-block-heading has-text-align-center\"><a href=\"mailto:Fachwart.Pistole@schuetzenverein-kaltenweide.de\">Kontakt<\/a><\/h6>\n<\/div>\n\n\n\n<div class=\"wp-block-column is-layout-flow wp-block-column-is-layout-flow\"><div class=\"wp-block-image is-style-rounded\">\n<figure class=\"aligncenter size-large is-resized\"><img data-recalc-dims=\"1\" loading=\"lazy\" decoding=\"async\" width=\"625\" height=\"937\" src=\"https:\/\/i0.wp.com\/schuetzenverein-kaltenweide.de\/wp-content\/uploads\/2023\/05\/NIU1373_Sammy-7.jpg?resize=625%2C937&#038;ssl=1\" alt=\"\" class=\"wp-image-5635\" style=\"width:149px;height:225px\" srcset=\"https:\/\/i0.wp.com\/schuetzenverein-kaltenweide.de\/wp-content\/uploads\/2023\/05\/NIU1373_Sammy-7-scaled.jpg?resize=683%2C1024&amp;ssl=1 683w, https:\/\/i0.wp.com\/schuetzenverein-kaltenweide.de\/wp-content\/uploads\/2023\/05\/NIU1373_Sammy-7-scaled.jpg?resize=200%2C300&amp;ssl=1 200w, https:\/\/i0.wp.com\/schuetzenverein-kaltenweide.de\/wp-content\/uploads\/2023\/05\/NIU1373_Sammy-7-scaled.jpg?resize=768%2C1152&amp;ssl=1 768w, https:\/\/i0.wp.com\/schuetzenverein-kaltenweide.de\/wp-content\/uploads\/2023\/05\/NIU1373_Sammy-7-scaled.jpg?resize=1024%2C1536&amp;ssl=1 1024w, https:\/\/i0.wp.com\/schuetzenverein-kaltenweide.de\/wp-content\/uploads\/2023\/05\/NIU1373_Sammy-7-scaled.jpg?resize=1365%2C2048&amp;ssl=1 1365w, https:\/\/i0.wp.com\/schuetzenverein-kaltenweide.de\/wp-content\/uploads\/2023\/05\/NIU1373_Sammy-7-scaled.jpg?resize=960%2C1440&amp;ssl=1 960w, https:\/\/i0.wp.com\/schuetzenverein-kaltenweide.de\/wp-content\/uploads\/2023\/05\/NIU1373_Sammy-7-scaled.jpg?resize=1320%2C1980&amp;ssl=1 1320w, https:\/\/i0.wp.com\/schuetzenverein-kaltenweide.de\/wp-content\/uploads\/2023\/05\/NIU1373_Sammy-7-scaled.jpg?resize=600%2C900&amp;ssl=1 600w, https:\/\/i0.wp.com\/schuetzenverein-kaltenweide.de\/wp-content\/uploads\/2023\/05\/NIU1373_Sammy-7-scaled.jpg?w=1707&amp;ssl=1 1707w, https:\/\/i0.wp.com\/schuetzenverein-kaltenweide.de\/wp-content\/uploads\/2023\/05\/NIU1373_Sammy-7-scaled.jpg?w=1250&amp;ssl=1 1250w\" sizes=\"(max-width: 625px) 100vw, 625px\" \/><\/figure>\n<\/div>\n\n\n<h6 class=\"wp-block-heading has-text-align-center\">Fachwartin Gewehr<\/h6>\n\n\n\n<h6 class=\"wp-block-heading has-text-align-center\">Samantha Schuppan<\/h6>\n\n\n\n<h6 class=\"wp-block-heading has-text-align-center\"><a href=\"mailto:Fachwart.Gewehr@schuetzenverein-kaltenweide.de\">Kontakt<\/a><\/h6>\n<\/div>\n<\/div>\n\n\n\n<div class=\"wp-block-columns alignfull has-text-color has-background is-layout-flex wp-container-core-columns-is-layout-9d6595d7 wp-block-columns-is-layout-flex\" style=\"color:#000000;background-color:#ffffff\">\n<div class=\"wp-block-column is-layout-flow wp-block-column-is-layout-flow\"><div class=\"wp-block-image is-style-rounded\">\n<figure class=\"aligncenter size-full is-resized\"><img data-recalc-dims=\"1\" loading=\"lazy\" decoding=\"async\" width=\"360\" height=\"540\" src=\"https:\/\/i0.wp.com\/www.schuetzenverein-kaltenweide.de\/wp-content\/uploads\/2017\/09\/MG_0511k.jpg?resize=360%2C540&#038;ssl=1\" alt=\"\" class=\"wp-image-676\" style=\"width:149px;height:225px\" srcset=\"https:\/\/i0.wp.com\/schuetzenverein-kaltenweide.de\/wp-content\/uploads\/2017\/09\/MG_0511k.jpg?w=360&amp;ssl=1 360w, https:\/\/i0.wp.com\/schuetzenverein-kaltenweide.de\/wp-content\/uploads\/2017\/09\/MG_0511k.jpg?resize=200%2C300&amp;ssl=1 200w\" sizes=\"(max-width: 360px) 100vw, 360px\" \/><\/figure>\n<\/div>\n\n\n<h6 class=\"wp-block-heading has-text-align-center\">Fachwart Pistole KK\/GK<\/h6>\n\n\n\n<h6 class=\"wp-block-heading has-text-align-center\">Eric Rehwinkel<\/h6>\n\n\n\n<h6 class=\"wp-block-heading has-text-align-center\"><a href=\"mailto:Damenleiterin@schuetzenverein-kaltenweide.de\">Kontakt<\/a><\/h6>\n<\/div>\n\n\n\n<div class=\"wp-block-column is-layout-flow wp-block-column-is-layout-flow\"><div class=\"wp-block-image is-style-rounded\">\n<figure class=\"aligncenter size-full is-resized\"><img data-recalc-dims=\"1\" loading=\"lazy\" decoding=\"async\" width=\"360\" height=\"540\" src=\"https:\/\/i0.wp.com\/www.schuetzenverein-kaltenweide.de\/wp-content\/uploads\/2017\/09\/MG_0485k.jpg?resize=360%2C540&#038;ssl=1\" alt=\"\" class=\"wp-image-675\" style=\"width:149px;height:225px\" srcset=\"https:\/\/i0.wp.com\/schuetzenverein-kaltenweide.de\/wp-content\/uploads\/2017\/09\/MG_0485k.jpg?w=360&amp;ssl=1 360w, https:\/\/i0.wp.com\/schuetzenverein-kaltenweide.de\/wp-content\/uploads\/2017\/09\/MG_0485k.jpg?resize=200%2C300&amp;ssl=1 200w\" sizes=\"(max-width: 360px) 100vw, 360px\" \/><\/figure>\n<\/div>\n\n\n<h6 class=\"wp-block-heading has-text-align-center\">Stv. Fachwart Pistole KK\/GK<\/h6>\n\n\n\n<h6 class=\"wp-block-heading has-text-align-center\">Sergej Ille<\/h6>\n\n\n\n<h6 class=\"wp-block-heading has-text-align-center\"><a href=\"mailto:Damenleiterin2@schuetzenverein-kaltenweide.de\">Kontakt<\/a><\/h6>\n<\/div>\n<\/div>\n\n\n\n<div class=\"wp-block-columns alignfull has-text-color has-background is-layout-flex wp-container-core-columns-is-layout-9d6595d7 wp-block-columns-is-layout-flex\" style=\"color:#000000;background-color:#ffffff\">\n<div class=\"wp-block-column is-layout-flow wp-block-column-is-layout-flow\"><div class=\"wp-block-image is-style-rounded\">\n<figure class=\"aligncenter size-large is-resized\"><img data-recalc-dims=\"1\" loading=\"lazy\" decoding=\"async\" width=\"625\" height=\"886\" src=\"https:\/\/i0.wp.com\/schuetzenverein-kaltenweide.de\/wp-content\/uploads\/2022\/10\/DSCN4335-13.jpg?resize=625%2C886&#038;ssl=1\" alt=\"\" class=\"wp-image-5033\" style=\"width:150px;height:225px\" srcset=\"https:\/\/i0.wp.com\/schuetzenverein-kaltenweide.de\/wp-content\/uploads\/2022\/10\/DSCN4335-13.jpg?resize=722%2C1024&amp;ssl=1 722w, https:\/\/i0.wp.com\/schuetzenverein-kaltenweide.de\/wp-content\/uploads\/2022\/10\/DSCN4335-13.jpg?resize=212%2C300&amp;ssl=1 212w, https:\/\/i0.wp.com\/schuetzenverein-kaltenweide.de\/wp-content\/uploads\/2022\/10\/DSCN4335-13.jpg?resize=768%2C1089&amp;ssl=1 768w, https:\/\/i0.wp.com\/schuetzenverein-kaltenweide.de\/wp-content\/uploads\/2022\/10\/DSCN4335-13.jpg?resize=1083%2C1536&amp;ssl=1 1083w, https:\/\/i0.wp.com\/schuetzenverein-kaltenweide.de\/wp-content\/uploads\/2022\/10\/DSCN4335-13.jpg?resize=960%2C1361&amp;ssl=1 960w, https:\/\/i0.wp.com\/schuetzenverein-kaltenweide.de\/wp-content\/uploads\/2022\/10\/DSCN4335-13.jpg?resize=600%2C851&amp;ssl=1 600w, https:\/\/i0.wp.com\/schuetzenverein-kaltenweide.de\/wp-content\/uploads\/2022\/10\/DSCN4335-13.jpg?w=1089&amp;ssl=1 1089w\" sizes=\"(max-width: 625px) 100vw, 625px\" \/><\/figure>\n<\/div>\n\n\n<h6 class=\"wp-block-heading has-text-align-center\">Damenleiterin<\/h6>\n\n\n\n<h6 class=\"wp-block-heading has-text-align-center\">Sabine Lehnhardt<\/h6>\n\n\n\n<h6 class=\"wp-block-heading has-text-align-center\"><a href=\"mailto:Damenleiterin@schuetzenverein-kaltenweide.de\">Kontakt<\/a><\/h6>\n<\/div>\n\n\n\n<div class=\"wp-block-column is-layout-flow wp-block-column-is-layout-flow\"><div class=\"wp-block-image is-style-rounded\">\n<figure class=\"aligncenter size-large is-resized\"><img data-recalc-dims=\"1\" loading=\"lazy\" decoding=\"async\" width=\"625\" height=\"833\" src=\"https:\/\/i0.wp.com\/www.schuetzenverein-kaltenweide.de\/wp-content\/uploads\/2026\/03\/IMG_2633-768x1024.jpeg?resize=625%2C833&#038;ssl=1\" alt=\"\" class=\"wp-image-7376\" style=\"width:149px;height:225px\" srcset=\"https:\/\/i0.wp.com\/schuetzenverein-kaltenweide.de\/wp-content\/uploads\/2026\/03\/IMG_2633-scaled.jpeg?resize=768%2C1024&amp;ssl=1 768w, https:\/\/i0.wp.com\/schuetzenverein-kaltenweide.de\/wp-content\/uploads\/2026\/03\/IMG_2633-scaled.jpeg?resize=225%2C300&amp;ssl=1 225w, https:\/\/i0.wp.com\/schuetzenverein-kaltenweide.de\/wp-content\/uploads\/2026\/03\/IMG_2633-scaled.jpeg?resize=1152%2C1536&amp;ssl=1 1152w, https:\/\/i0.wp.com\/schuetzenverein-kaltenweide.de\/wp-content\/uploads\/2026\/03\/IMG_2633-scaled.jpeg?resize=1536%2C2048&amp;ssl=1 1536w, https:\/\/i0.wp.com\/schuetzenverein-kaltenweide.de\/wp-content\/uploads\/2026\/03\/IMG_2633-scaled.jpeg?resize=960%2C1280&amp;ssl=1 960w, https:\/\/i0.wp.com\/schuetzenverein-kaltenweide.de\/wp-content\/uploads\/2026\/03\/IMG_2633-scaled.jpeg?resize=600%2C800&amp;ssl=1 600w, https:\/\/i0.wp.com\/schuetzenverein-kaltenweide.de\/wp-content\/uploads\/2026\/03\/IMG_2633-scaled.jpeg?w=1920&amp;ssl=1 1920w, https:\/\/i0.wp.com\/schuetzenverein-kaltenweide.de\/wp-content\/uploads\/2026\/03\/IMG_2633-scaled.jpeg?w=1250&amp;ssl=1 1250w\" sizes=\"(max-width: 625px) 100vw, 625px\" \/><\/figure>\n<\/div>\n\n\n<h6 class=\"wp-block-heading has-text-align-center\">Stv. Damenleiterin<\/h6>\n\n\n\n<h6 class=\"wp-block-heading has-text-align-center\">Melanie Bulitz<\/h6>\n\n\n\n<h6 class=\"wp-block-heading has-text-align-center\"><a href=\"mailto:Damenleiterin2@schuetzenverein-kaltenweide.de\">Kontakt<\/a><\/h6>\n<\/div>\n<\/div>\n\n\n\n<div class=\"wp-block-columns alignfull has-text-color has-background is-layout-flex wp-container-core-columns-is-layout-9d6595d7 wp-block-columns-is-layout-flex\" style=\"color:#000000;background-color:#ffffff\">\n<div class=\"wp-block-column is-layout-flow wp-block-column-is-layout-flow\"><div class=\"wp-block-image is-style-rounded\">\n<figure class=\"aligncenter size-full is-resized\"><img data-recalc-dims=\"1\" loading=\"lazy\" decoding=\"async\" width=\"200\" height=\"300\" src=\"https:\/\/i0.wp.com\/schuetzenverein-kaltenweide.de\/wp-content\/uploads\/2022\/10\/image-8.png?resize=200%2C300&#038;ssl=1\" alt=\"\" class=\"wp-image-5034\" style=\"width:150px;height:225px\"\/><\/figure>\n<\/div>\n\n\n<h6 class=\"wp-block-heading has-text-align-center\">Festleiter<\/h6>\n\n\n\n<h6 class=\"wp-block-heading has-text-align-center\">Lars K\u00e4hler<\/h6>\n\n\n\n<h6 class=\"wp-block-heading has-text-align-center\"><a href=\"mailto:Festleiter1@schuetzenverein-kaltenweide.de\">Kontakt<\/a><\/h6>\n<\/div>\n\n\n\n<div class=\"wp-block-column is-layout-flow wp-block-column-is-layout-flow\"><div class=\"wp-block-image is-style-rounded\">\n<figure class=\"aligncenter size-full is-resized\"><img data-recalc-dims=\"1\" loading=\"lazy\" decoding=\"async\" width=\"360\" height=\"540\" src=\"https:\/\/i0.wp.com\/schuetzenverein-kaltenweide.de\/wp-content\/uploads\/2022\/10\/image-9.png?resize=360%2C540&#038;ssl=1\" alt=\"\" class=\"wp-image-5035\" style=\"width:150px;height:225px\" srcset=\"https:\/\/i0.wp.com\/schuetzenverein-kaltenweide.de\/wp-content\/uploads\/2022\/10\/image-9.png?w=360&amp;ssl=1 360w, https:\/\/i0.wp.com\/schuetzenverein-kaltenweide.de\/wp-content\/uploads\/2022\/10\/image-9.png?resize=200%2C300&amp;ssl=1 200w\" sizes=\"(max-width: 360px) 100vw, 360px\" \/><\/figure>\n<\/div>\n\n\n<h6 class=\"wp-block-heading has-text-align-center\">Festleiter<\/h6>\n\n\n\n<h6 class=\"wp-block-heading has-text-align-center\">Lars Baumgarte<\/h6>\n\n\n\n<h6 class=\"wp-block-heading has-text-align-center\"><a href=\"mailto:Festleiter2@schuetzenverein-kaltenweide.de\">Kontakt<\/a><\/h6>\n<\/div>\n\n\n\n<div class=\"wp-block-column is-layout-flow wp-block-column-is-layout-flow\"><div class=\"wp-block-image is-style-rounded\">\n<figure class=\"aligncenter size-full is-resized\"><img data-recalc-dims=\"1\" loading=\"lazy\" decoding=\"async\" width=\"200\" height=\"300\" src=\"https:\/\/i0.wp.com\/schuetzenverein-kaltenweide.de\/wp-content\/uploads\/2022\/10\/image-10.png?resize=200%2C300&#038;ssl=1\" alt=\"\" class=\"wp-image-5036\" style=\"width:150px;height:225px\"\/><\/figure>\n<\/div>\n\n\n<h6 class=\"wp-block-heading has-text-align-center\">Pressesprecher<\/h6>\n\n\n\n<h6 class=\"wp-block-heading has-text-align-center\">Marco Panning<\/h6>\n\n\n\n<h6 class=\"wp-block-heading has-text-align-center\"><a href=\"mailto:Pressewart@schuetzenverein-kaltenweide.de\">Kontakt<\/a><\/h6>\n<\/div>\n<\/div>\n\n\n\n<div class=\"wp-block-columns alignfull has-text-color has-background is-layout-flex wp-container-core-columns-is-layout-9d6595d7 wp-block-columns-is-layout-flex\" style=\"color:#000000;background-color:#ffffff\">\n<div class=\"wp-block-column is-layout-flow wp-block-column-is-layout-flow\"><div class=\"wp-block-image is-style-rounded\">\n<figure class=\"aligncenter size-full is-resized\"><img data-recalc-dims=\"1\" loading=\"lazy\" decoding=\"async\" width=\"200\" height=\"300\" src=\"https:\/\/i0.wp.com\/schuetzenverein-kaltenweide.de\/wp-content\/uploads\/2022\/10\/image-11.png?resize=200%2C300&#038;ssl=1\" alt=\"\" class=\"wp-image-5037\" style=\"width:150px;height:225px\"\/><\/figure>\n<\/div>\n\n\n<h6 class=\"wp-block-heading has-text-align-center\">Beisitzer<\/h6>\n\n\n\n<h6 class=\"wp-block-heading has-text-align-center\">J\u00f6rg Baumgarte<\/h6>\n\n\n\n<h6 class=\"wp-block-heading has-text-align-center\"><a href=\"mailto:Beisitzer3@schuetzenverein-kaltenweide.de\">Kontakt<\/a><\/h6>\n<\/div>\n\n\n\n<div class=\"wp-block-column is-layout-flow wp-block-column-is-layout-flow\"><div class=\"wp-block-image is-style-rounded\">\n<figure class=\"aligncenter size-full is-resized\"><img data-recalc-dims=\"1\" loading=\"lazy\" decoding=\"async\" width=\"200\" height=\"300\" src=\"https:\/\/i0.wp.com\/schuetzenverein-kaltenweide.de\/wp-content\/uploads\/2022\/10\/image-12.png?resize=200%2C300&#038;ssl=1\" alt=\"\" class=\"wp-image-5038\" style=\"width:150px;height:225px\"\/><\/figure>\n<\/div>\n\n\n<h6 class=\"wp-block-heading has-text-align-center\">Beisitzer<\/h6>\n\n\n\n<h6 class=\"wp-block-heading has-text-align-center\">Wilfried Ohlendorf<\/h6>\n\n\n\n<h6 class=\"wp-block-heading has-text-align-center\"><a href=\"mailto:Beisitzer4@schuetzenverein-kaltenweide.de\">Kontakt<\/a><\/h6>\n<\/div>\n\n\n\n<div class=\"wp-block-column is-layout-flow wp-block-column-is-layout-flow\"><div class=\"wp-block-image is-style-rounded\">\n<figure class=\"aligncenter size-full is-resized\"><img data-recalc-dims=\"1\" loading=\"lazy\" decoding=\"async\" width=\"200\" height=\"300\" src=\"https:\/\/i0.wp.com\/schuetzenverein-kaltenweide.de\/wp-content\/uploads\/2022\/10\/image.png?resize=200%2C300&#038;ssl=1\" alt=\"\" class=\"wp-image-5005\" style=\"width:150px;height:225px\"\/><\/figure>\n<\/div>\n\n\n<h6 class=\"wp-block-heading has-text-align-center\">Beisitzer<\/h6>\n\n\n\n<h6 class=\"wp-block-heading has-text-align-center\">Jan H\u00fclsmann<\/h6>\n\n\n\n<h6 class=\"wp-block-heading has-text-align-center\"><a href=\"mailto:Beisitzer1@schuetzenverein-kaltenweide.de\">Kontakt<\/a><\/h6>\n<\/div>\n\n\n\n<div class=\"wp-block-column is-layout-flow wp-block-column-is-layout-flow\"><div class=\"wp-block-image is-style-rounded\">\n<figure class=\"aligncenter size-large is-resized\"><img data-recalc-dims=\"1\" loading=\"lazy\" decoding=\"async\" width=\"625\" height=\"937\" src=\"https:\/\/i0.wp.com\/schuetzenverein-kaltenweide.de\/wp-content\/uploads\/2023\/05\/NIU1386_Nicola.jpg?resize=625%2C937&#038;ssl=1\" alt=\"\" class=\"wp-image-5674\" style=\"width:150px;height:225px\" srcset=\"https:\/\/i0.wp.com\/schuetzenverein-kaltenweide.de\/wp-content\/uploads\/2023\/05\/NIU1386_Nicola-scaled.jpg?resize=683%2C1024&amp;ssl=1 683w, https:\/\/i0.wp.com\/schuetzenverein-kaltenweide.de\/wp-content\/uploads\/2023\/05\/NIU1386_Nicola-scaled.jpg?resize=200%2C300&amp;ssl=1 200w, https:\/\/i0.wp.com\/schuetzenverein-kaltenweide.de\/wp-content\/uploads\/2023\/05\/NIU1386_Nicola-scaled.jpg?resize=768%2C1152&amp;ssl=1 768w, https:\/\/i0.wp.com\/schuetzenverein-kaltenweide.de\/wp-content\/uploads\/2023\/05\/NIU1386_Nicola-scaled.jpg?resize=1024%2C1536&amp;ssl=1 1024w, https:\/\/i0.wp.com\/schuetzenverein-kaltenweide.de\/wp-content\/uploads\/2023\/05\/NIU1386_Nicola-scaled.jpg?resize=1365%2C2048&amp;ssl=1 1365w, https:\/\/i0.wp.com\/schuetzenverein-kaltenweide.de\/wp-content\/uploads\/2023\/05\/NIU1386_Nicola-scaled.jpg?resize=960%2C1440&amp;ssl=1 960w, https:\/\/i0.wp.com\/schuetzenverein-kaltenweide.de\/wp-content\/uploads\/2023\/05\/NIU1386_Nicola-scaled.jpg?resize=600%2C900&amp;ssl=1 600w, https:\/\/i0.wp.com\/schuetzenverein-kaltenweide.de\/wp-content\/uploads\/2023\/05\/NIU1386_Nicola-scaled.jpg?w=1707&amp;ssl=1 1707w, https:\/\/i0.wp.com\/schuetzenverein-kaltenweide.de\/wp-content\/uploads\/2023\/05\/NIU1386_Nicola-scaled.jpg?w=1250&amp;ssl=1 1250w\" sizes=\"(max-width: 625px) 100vw, 625px\" \/><\/figure>\n<\/div>\n\n\n<h6 class=\"wp-block-heading has-text-align-center\">Beisitzerin<\/h6>\n\n\n\n<h6 class=\"wp-block-heading has-text-align-center\">Nicola Trapp<\/h6>\n\n\n\n<h6 class=\"wp-block-heading has-text-align-center\"><a href=\"mailto:Beisitzer2@schuetzenverein-kaltenweide.de\">Kontakt<\/a><\/h6>\n<\/div>\n<\/div>\n\n\n\n<div class=\"wp-block-columns alignfull has-text-color has-background is-layout-flex wp-container-core-columns-is-layout-9d6595d7 wp-block-columns-is-layout-flex\" style=\"color:#000000;background-color:#ffffff\">\n<div class=\"wp-block-column is-layout-flow wp-block-column-is-layout-flow\"><div class=\"wp-block-image is-style-rounded\">\n<figure class=\"aligncenter size-full is-resized\"><img data-recalc-dims=\"1\" loading=\"lazy\" decoding=\"async\" width=\"200\" height=\"300\" src=\"https:\/\/i0.wp.com\/schuetzenverein-kaltenweide.de\/wp-content\/uploads\/2022\/10\/image-15.png?resize=200%2C300&#038;ssl=1\" alt=\"\" class=\"wp-image-5041\" style=\"width:150px;height:225px\"\/><\/figure>\n<\/div>\n\n\n<h6 class=\"wp-block-heading has-text-align-center\">Fahnentr\u00e4ger<\/h6>\n\n\n\n<h6 class=\"wp-block-heading has-text-align-center\">Christian Lange<\/h6>\n\n\n\n<h6 class=\"wp-block-heading has-text-align-center\"><a href=\"mailto:Fahnentraeger1@schuetzenverein-kaltenweide.de\">Kontakt<\/a><\/h6>\n<\/div>\n\n\n\n<div class=\"wp-block-column is-layout-flow wp-block-column-is-layout-flow\"><div class=\"wp-block-image is-style-rounded\">\n<figure class=\"aligncenter size-full is-resized\"><img data-recalc-dims=\"1\" loading=\"lazy\" decoding=\"async\" width=\"200\" height=\"300\" src=\"https:\/\/i0.wp.com\/schuetzenverein-kaltenweide.de\/wp-content\/uploads\/2022\/10\/image-16.png?resize=200%2C300&#038;ssl=1\" alt=\"\" class=\"wp-image-5042\" style=\"width:150px;height:225px\"\/><\/figure>\n<\/div>\n\n\n<h6 class=\"wp-block-heading has-text-align-center\">Fahnentr\u00e4ger<\/h6>\n\n\n\n<h6 class=\"wp-block-heading has-text-align-center\">Daniel Hose<\/h6>\n\n\n\n<h6 class=\"wp-block-heading has-text-align-center\"><a href=\"mailto:Fahnentraeger2@schuetzenverein-kaltenweide.de\">Kontakt<\/a><\/h6>\n<\/div>\n\n\n\n<div class=\"wp-block-column is-layout-flow wp-block-column-is-layout-flow\"><div class=\"wp-block-image is-style-rounded\">\n<figure class=\"aligncenter size-full is-resized\"><img data-recalc-dims=\"1\" loading=\"lazy\" decoding=\"async\" width=\"360\" height=\"540\" src=\"https:\/\/i0.wp.com\/schuetzenverein-kaltenweide.de\/wp-content\/uploads\/2022\/10\/image-9.png?resize=360%2C540&#038;ssl=1\" alt=\"\" class=\"wp-image-5035\" style=\"width:150px;height:225px\" srcset=\"https:\/\/i0.wp.com\/schuetzenverein-kaltenweide.de\/wp-content\/uploads\/2022\/10\/image-9.png?w=360&amp;ssl=1 360w, https:\/\/i0.wp.com\/schuetzenverein-kaltenweide.de\/wp-content\/uploads\/2022\/10\/image-9.png?resize=200%2C300&amp;ssl=1 200w\" sizes=\"(max-width: 360px) 100vw, 360px\" \/><\/figure>\n<\/div>\n\n\n<h6 class=\"wp-block-heading has-text-align-center\">Fahnentr\u00e4ger<\/h6>\n\n\n\n<h6 class=\"wp-block-heading has-text-align-center\">Lars Baumgarte<\/h6>\n\n\n\n<h6 class=\"wp-block-heading has-text-align-center\"><a href=\"mailto:fahnentraeger3@schuetzenverein-kaltenweide.de\">Kontakt<\/a><\/h6>\n<\/div>\n<\/div>\n\n\n\n<div class=\"wp-block-columns alignfull has-text-color has-background is-layout-flex wp-container-core-columns-is-layout-9d6595d7 wp-block-columns-is-layout-flex\" style=\"color:#000000;background-color:#ffffff\">\n<div class=\"wp-block-column is-layout-flow wp-block-column-is-layout-flow\"><div class=\"wp-block-image is-style-rounded\">\n<figure class=\"aligncenter size-full is-resized\"><img data-recalc-dims=\"1\" loading=\"lazy\" decoding=\"async\" width=\"200\" height=\"300\" src=\"https:\/\/i0.wp.com\/schuetzenverein-kaltenweide.de\/wp-content\/uploads\/2022\/10\/image-14.png?resize=200%2C300&#038;ssl=1\" alt=\"\" class=\"wp-image-5040\" style=\"width:150px;height:225px\"\/><\/figure>\n<\/div>\n\n\n<h6 class=\"wp-block-heading has-text-align-center\">Musikleiter<\/h6>\n\n\n\n<h6 class=\"wp-block-heading has-text-align-center\">Ralf-Michael Bellmann<\/h6>\n\n\n\n<h6 class=\"wp-block-heading has-text-align-center\"><a href=\"mailto:Musikleiter@schuetzenverein-kaltenweide.de\">Kontakt<\/a><\/h6>\n<\/div>\n\n\n\n<div class=\"wp-block-column is-layout-flow wp-block-column-is-layout-flow\"><div class=\"wp-block-image is-style-rounded\">\n<figure class=\"aligncenter size-full is-resized\"><img data-recalc-dims=\"1\" loading=\"lazy\" decoding=\"async\" width=\"625\" height=\"833\" src=\"https:\/\/i0.wp.com\/www.schuetzenverein-kaltenweide.de\/wp-content\/uploads\/2026\/03\/IMG_2628-scaled.jpeg?resize=625%2C833&#038;ssl=1\" alt=\"\" class=\"wp-image-7377\" style=\"width:150px;height:225px\" srcset=\"https:\/\/i0.wp.com\/schuetzenverein-kaltenweide.de\/wp-content\/uploads\/2026\/03\/IMG_2628-scaled.jpeg?w=1920&amp;ssl=1 1920w, https:\/\/i0.wp.com\/schuetzenverein-kaltenweide.de\/wp-content\/uploads\/2026\/03\/IMG_2628-scaled.jpeg?resize=225%2C300&amp;ssl=1 225w, https:\/\/i0.wp.com\/schuetzenverein-kaltenweide.de\/wp-content\/uploads\/2026\/03\/IMG_2628-scaled.jpeg?resize=768%2C1024&amp;ssl=1 768w, https:\/\/i0.wp.com\/schuetzenverein-kaltenweide.de\/wp-content\/uploads\/2026\/03\/IMG_2628-scaled.jpeg?resize=1152%2C1536&amp;ssl=1 1152w, https:\/\/i0.wp.com\/schuetzenverein-kaltenweide.de\/wp-content\/uploads\/2026\/03\/IMG_2628-scaled.jpeg?resize=1536%2C2048&amp;ssl=1 1536w, https:\/\/i0.wp.com\/schuetzenverein-kaltenweide.de\/wp-content\/uploads\/2026\/03\/IMG_2628-scaled.jpeg?resize=960%2C1280&amp;ssl=1 960w, https:\/\/i0.wp.com\/schuetzenverein-kaltenweide.de\/wp-content\/uploads\/2026\/03\/IMG_2628-scaled.jpeg?resize=600%2C800&amp;ssl=1 600w, https:\/\/i0.wp.com\/schuetzenverein-kaltenweide.de\/wp-content\/uploads\/2026\/03\/IMG_2628-scaled.jpeg?w=1250&amp;ssl=1 1250w\" sizes=\"(max-width: 625px) 100vw, 625px\" \/><\/figure>\n<\/div>\n\n\n<h6 class=\"wp-block-heading has-text-align-center\">Stv. Musikleiterin<\/h6>\n\n\n\n<h6 class=\"wp-block-heading has-text-align-center\">Nancy Bosdorff<\/h6>\n\n\n\n<h6 class=\"wp-block-heading has-text-align-center\"><a href=\"mailto:Musikleiter@schuetzenverein-kaltenweide.de\">Kontakt<\/a><\/h6>\n<\/div>\n<\/div>\n","protected":false},"excerpt":{"rendered":"<p>Gesch\u00e4ftsf\u00fchrender Vorstand 1. Vorsitzender Axel Siebert Kontakt 2. Vorsitzender J\u00f6rg Engel Kontakt Schrift\u00fchrerin Natascha Engel Kontakt Schatzmeisterin Santje Baumgarte Kontakt Erweiterter Vorstand Schie\u00dfsportleiter Uwe Burgm\u00fcller Kontakt Stv. Schie\u00dfsportleiterin Carmen Shaha Kontakt Jugendleiter Fabian Klatt Kontakt Stv. Jugendleiter Bodo Deppe Kontakt Stv. Jugendleiter Tobias Lehnhardt Kontakt Fachwart Pistole LP Luis Shaha Kontakt stv. Fachwart Pistole LP <a href=\"https:\/\/www.schuetzenverein-kaltenweide.de\/?page_id=39\" class=\"more-link\">...weiterlesen<span class=\"screen-reader-text\"> \"Vorstand\"<\/span><\/a><\/p>\n","protected":false},"author":1,"featured_media":5613,"parent":551,"menu_order":1,"comment_status":"closed","ping_status":"closed","template":"","meta":{"footnotes":""},"class_list":["post-39","page","type-page","status-publish","has-post-thumbnail","h-entry","hentry","h-as-page"],"jetpack_sharing_enabled":true,"_links":{"self":[{"href":"https:\/\/www.schuetzenverein-kaltenweide.de\/index.php?rest_route=\/wp\/v2\/pages\/39","targetHints":{"allow":["GET"]}}],"collection":[{"href":"https:\/\/www.schuetzenverein-kaltenweide.de\/index.php?rest_route=\/wp\/v2\/pages"}],"about":[{"href":"https:\/\/www.schuetzenverein-kaltenweide.de\/index.php?rest_route=\/wp\/v2\/types\/page"}],"author":[{"embeddable":true,"href":"https:\/\/www.schuetzenverein-kaltenweide.de\/index.php?rest_route=\/wp\/v2\/users\/1"}],"replies":[{"embeddable":true,"href":"https:\/\/www.schuetzenverein-kaltenweide.de\/index.php?rest_route=%2Fwp%2Fv2%2Fcomments&post=39"}],"version-history":[{"count":17,"href":"https:\/\/www.schuetzenverein-kaltenweide.de\/index.php?rest_route=\/wp\/v2\/pages\/39\/revisions"}],"predecessor-version":[{"id":7378,"href":"https:\/\/www.schuetzenverein-kaltenweide.de\/index.php?rest_route=\/wp\/v2\/pages\/39\/revisions\/7378"}],"up":[{"embeddable":true,"href":"https:\/\/www.schuetzenverein-kaltenweide.de\/index.php?rest_route=\/wp\/v2\/pages\/551"}],"wp:featuredmedia":[{"embeddable":true,"href":"https:\/\/www.schuetzenverein-kaltenweide.de\/index.php?rest_route=\/wp\/v2\/media\/5613"}],"wp:attachment":[{"href":"https:\/\/www.schuetzenverein-kaltenweide.de\/index.php?rest_route=%2Fwp%2Fv2%2Fmedia&parent=39"}],"curies":[{"name":"wp","href":"https:\/\/api.w.org\/{rel}","templated":true}]}}